{"id":2018,"date":"2024-04-11T14:23:40","date_gmt":"2024-04-11T11:23:40","guid":{"rendered":"https:\/\/www.nordichotels.eu\/jazzkaar\/"},"modified":"2026-04-14T10:24:04","modified_gmt":"2026-04-14T07:24:04","slug":"jazzkaar","status":"publish","type":"page","link":"https:\/\/www.nordichotels.eu\/fi\/jazzkaar\/","title":{"rendered":"Jazzkaar"},"content":{"rendered":"<p><div class=\"fusion-fullwidth fullwidth-box fusion-builder-row-1 fusion-flex-container has-pattern-background has-mask-background nonhundred-percent-fullwidth non-hundred-percent-height-scrolling\" style=\"--awb-border-radius-top-left:0px;--awb-border-radius-top-right:0px;--awb-border-radius-bottom-right:0px;--awb-border-radius-bottom-left:0px;--awb-padding-top:0px;--awb-padding-bottom:0px;--awb-margin-top:0px;--awb-margin-bottom:0px;--awb-flex-wrap:wrap;\" ><div class=\"fusion-builder-row fusion-row fusion-flex-align-items-flex-start fusion-flex-content-wrap\" style=\"max-width:104%;margin-left: calc(-4% \/ 2 );margin-right: calc(-4% \/ 2 );\"><div class=\"fusion-layout-column fusion_builder_column fusion-builder-column-0 fusion_builder_column_1_1 1_1 fusion-flex-column\" style=\"--awb-bg-size:cover;--awb-width-large:100%;--awb-margin-top-large:0px;--awb-spacing-right-large:1.92%;--awb-margin-bottom-large:20px;--awb-spacing-left-large:1.92%;--awb-width-medium:100%;--awb-order-medium:0;--awb-spacing-right-medium:1.92%;--awb-spacing-left-medium:1.92%;--awb-width-small:100%;--awb-order-small:0;--awb-spacing-right-small:1.92%;--awb-spacing-left-small:1.92%;\"><div class=\"fusion-column-wrapper fusion-column-has-shadow fusion-flex-justify-content-flex-start fusion-content-layout-column\"><div class=\"fusion-image-element \" style=\"--awb-caption-title-font-family:var(--h2_typography-font-family);--awb-caption-title-font-weight:var(--h2_typography-font-weight);--awb-caption-title-font-style:var(--h2_typography-font-style);--awb-caption-title-size:var(--h2_typography-font-size);--awb-caption-title-transform:var(--h2_typography-text-transform);--awb-caption-title-line-height:var(--h2_typography-line-height);--awb-caption-title-letter-spacing:var(--h2_typography-letter-spacing);\"><span class=\" fusion-imageframe imageframe-none imageframe-1 hover-type-none\"><img decoding=\"async\" width=\"1920\" height=\"396\" src=\"https:\/\/www.nordichotels.eu\/wp-content\/uploads\/2024\/02\/toad.jpg\" alt class=\"img-responsive wp-image-870\" srcset=\"https:\/\/www.nordichotels.eu\/wp-content\/uploads\/2024\/02\/toad-200x41.jpg 200w, https:\/\/www.nordichotels.eu\/wp-content\/uploads\/2024\/02\/toad-400x83.jpg 400w, https:\/\/www.nordichotels.eu\/wp-content\/uploads\/2024\/02\/toad-600x124.jpg 600w, https:\/\/www.nordichotels.eu\/wp-content\/uploads\/2024\/02\/toad-800x165.jpg 800w, https:\/\/www.nordichotels.eu\/wp-content\/uploads\/2024\/02\/toad-1200x248.jpg 1200w, https:\/\/www.nordichotels.eu\/wp-content\/uploads\/2024\/02\/toad.jpg 1920w\" sizes=\"(max-width: 640px) 100vw, 1920px\" \/><\/span><\/div><\/div><\/div><\/div><\/div><div class=\"fusion-fullwidth fullwidth-box fusion-builder-row-2 fusion-flex-container has-pattern-background has-mask-background nonhundred-percent-fullwidth non-hundred-percent-height-scrolling\" style=\"--awb-border-radius-top-left:0px;--awb-border-radius-top-right:0px;--awb-border-radius-bottom-right:0px;--awb-border-radius-bottom-left:0px;--awb-flex-wrap:wrap;\" ><div class=\"fusion-builder-row fusion-row fusion-flex-align-items-stretch fusion-flex-content-wrap\" style=\"max-width:104%;margin-left: calc(-4% \/ 2 );margin-right: calc(-4% \/ 2 );\"><div class=\"fusion-layout-column fusion_builder_column fusion-builder-column-1 fusion_builder_column_3_5 3_5 fusion-flex-column\" style=\"--awb-padding-top:20px;--awb-padding-right:20px;--awb-padding-bottom:20px;--awb-padding-left:20px;--awb-bg-color:var(--awb-color1);--awb-bg-color-hover:var(--awb-color1);--awb-bg-size:cover;--awb-width-large:60%;--awb-margin-top-large:0px;--awb-spacing-right-large:3.2%;--awb-margin-bottom-large:20px;--awb-spacing-left-large:3.2%;--awb-width-medium:60%;--awb-order-medium:0;--awb-spacing-right-medium:3.2%;--awb-spacing-left-medium:3.2%;--awb-width-small:100%;--awb-order-small:0;--awb-spacing-right-small:1.92%;--awb-spacing-left-small:1.92%;\" data-scroll-devices=\"small-visibility,medium-visibility,large-visibility\"><div class=\"fusion-column-wrapper fusion-column-has-shadow fusion-flex-justify-content-flex-start fusion-content-layout-column\"><div class=\"fusion-title title fusion-title-1 fusion-sep-none fusion-title-text fusion-title-size-one\" style=\"--awb-margin-top:0px;--awb-margin-bottom:0px;--awb-margin-top-small:10px;--awb-margin-right-small:0px;--awb-margin-bottom-small:10px;--awb-margin-left-small:0px;--awb-font-size:26px;\"><h1 class=\"fusion-title-heading title-heading-left fusion-responsive-typography-calculated\" style=\"font-family:&quot;Accurat regular&quot;;font-style:normal;font-weight:400;margin:0;font-size:1em;--fontSize:26;line-height:1.3;\">Nordic Hotel Forum kutsuu Jazzkaaren vieraaksi<\/h1><\/div><div class=\"fusion-separator\" style=\"align-self: flex-start;margin-right:auto;margin-top:15px;margin-bottom:40px;width:100%;max-width:50px;\"><div class=\"fusion-separator-border sep-single sep-solid\" style=\"--awb-height:20px;--awb-amount:20px;--awb-sep-color:var(--awb-color4);border-color:var(--awb-color4);border-top-width:2px;\"><\/div><\/div><div class=\"fusion-text fusion-text-1\"><h4>Jazzkaar j\u00e4rjestet\u00e4\u00e4n 26.4\u201302.5.2026. Jazzfestivaali alkaa sunnuntaina 26. huhtikuuta ilmaisella konserttip\u00e4iv\u00e4ll\u00e4 Telliskiven luovassa keskuksessa Tallinnassa.<\/h4>\n<div>\n<p>Meill\u00e4 on ilo ilmoittaa, ett\u00e4 Nordic Hotel Forum on t\u00e4n\u00e4kin vuonna arvostetun kansainv\u00e4lisen Jazzkaar-festivaalin <strong>yhteisty\u00f6kumppani ja tukija.<\/strong><\/p>\n<p>Jazzkaar on kansainv\u00e4linen jazzfestivaali, joka on j\u00e4rjestetty Tallinnassa vuodesta 1990 l\u00e4htien ja joka on lajissaan Baltian suurin. Vuosien varrella festivaalilla on esiintynyt jazzmuusikoita ja -yhtyett\u00e4 yli 40 maasta. Kuten Jazzkaarelle sopii, juhlavuoden festivaalilla kuullaan runsas jazz-soundivalikoima, josta jokainen voi valita suosikkinsa.<\/p>\n<h5>Jazzkaaren ohjelma<\/h5>\n<p>monipuolinen. Festivaalilla esiintyy niin legendaarisia jazzmuusikoita kuin nousevia kykyj\u00e4kin, ja se tarjoaa kuulijoille sek\u00e4 perinteist\u00e4 jazzia ett\u00e4 nykyaikaisia kappaleita. Muusikot elvytt\u00e4v\u00e4t perinteisi\u00e4 jazzkappaleita ja soittavat moderneja s\u00e4velmi\u00e4, joten jokaiselle on jotakin. Voit tutustua festivaaliohjelmassa sek\u00e4 Viroon saapuviin kansainv\u00e4lisiin jazzhuippuihin ett\u00e4 omiin upeisiin virolaisiin muusikoihimme.<\/p>\n<p>Jazzkaaren ohjelma l\u00f6ytyy <strong><a href=\"https:\/\/www.jazzkaar.ee\/programm\/\" target=\"_blank\" rel=\"noopener\">T\u00c4ST\u00c4<\/a><\/strong><\/p>\n<h5>Jazzkaar j\u00e4rjestet\u00e4\u00e4n Telliskiven luovassa keskuksessa<\/h5>\n<p><strong><a href=\"https:\/\/telliskivi.cc\/en\/\" target=\"_blank\" rel=\"noopener\">Telliskiven<\/a><\/strong> luova keskus on entinen teollisuusalue, joka kuhisee uutta el\u00e4m\u00e4\u00e4. Se on omaper\u00e4inen paikka, jossa jokaisella askeleella koetaan l\u00f6yt\u00e4misen iloa. Keskuksessa on taidegallerioita, pieni\u00e4 kauppoja, startup-yrityksi\u00e4 ja ruokapaikkoja. Juuri t\u00e4m\u00e4 sopii Jazzkaaren j\u00e4rjest\u00e4miseen.<\/p>\n<p>Telliskiven Luova keskus (Creative City) sijaitsee vain 15 minuutin k\u00e4velymatkan tai nopean 5 minuutin raitiovaunumatkan p\u00e4\u00e4ss\u00e4 Nordic Hotel Forumista.<\/p>\n<p>Varaa <strong><a href=\"https:\/\/www.nordichotels.eu\/fi\/huoneet\/\" target=\"_blank\" rel=\"noopener\">huone<\/a><\/strong> Nordic Hotel Forumista, jotta voit vierailla festivaalilla ja nauttia Jazzkaaren musiikista.<\/p>\n<\/div>\n<\/div><div ><a class=\"fusion-button button-flat fusion-button-default-size button-custom fusion-button-default button-1 fusion-button-default-span fusion-button-default-type\" style=\"--button_accent_color:var(--awb-color7);--button_border_color:var(--awb-color4);--button_accent_hover_color:var(--awb-color6);--button_border_hover_color:var(--awb-color1);--button_border_width-top:2px;--button_border_width-right:2px;--button_border_width-bottom:2px;--button_border_width-left:2px;--button-border-radius-top-left:35px;--button-border-radius-top-right:35px;--button-border-radius-bottom-right:35px;--button-border-radius-bottom-left:35px;--button_gradient_top_color:var(--awb-color1);--button_gradient_bottom_color:var(--awb-color1);--button_gradient_top_color_hover:hsla(var(--awb-color4-h),calc(var(--awb-color4-s) - 5%),calc(var(--awb-color4-l) - 10%),var(--awb-color4-a));--button_gradient_bottom_color_hover:hsla(var(--awb-color4-h),calc(var(--awb-color4-s) - 5%),calc(var(--awb-color4-l) - 10%),var(--awb-color4-a));--button_font_size:14px;--button_typography-font-family:&quot;Accurat regular&quot;;--button_typography-font-style:normal;--button_typography-font-weight:400;\" target=\"_self\" href=\"https:\/\/book.bwhhotelgroup.com\/content\/ibe-86137\/et_EE\/booking-path\/hotel-rooms.86137.html\"><span class=\"fusion-button-text awb-button__text awb-button__text--default\">VARAA HUONE<\/span><\/a><\/div><\/div><\/div><div class=\"fusion-layout-column fusion_builder_column fusion-builder-column-2 fusion_builder_column_2_5 2_5 fusion-flex-column\" style=\"--awb-padding-top:20px;--awb-padding-right:20px;--awb-padding-bottom:20px;--awb-padding-left:20px;--awb-bg-color:var(--awb-color1);--awb-bg-color-hover:var(--awb-color1);--awb-bg-size:cover;--awb-width-large:40%;--awb-margin-top-large:0px;--awb-spacing-right-large:4.8%;--awb-margin-bottom-large:20px;--awb-spacing-left-large:4.8%;--awb-width-medium:40%;--awb-order-medium:0;--awb-spacing-right-medium:4.8%;--awb-spacing-left-medium:4.8%;--awb-width-small:100%;--awb-order-small:0;--awb-spacing-right-small:1.92%;--awb-spacing-left-small:1.92%;\" data-scroll-devices=\"small-visibility,medium-visibility,large-visibility\"><div class=\"fusion-column-wrapper fusion-column-has-shadow fusion-flex-justify-content-flex-start fusion-content-layout-column\"><div class=\"fusion-image-element \" style=\"--awb-caption-title-font-family:var(--h2_typography-font-family);--awb-caption-title-font-weight:var(--h2_typography-font-weight);--awb-caption-title-font-style:var(--h2_typography-font-style);--awb-caption-title-size:var(--h2_typography-font-size);--awb-caption-title-transform:var(--h2_typography-text-transform);--awb-caption-title-line-height:var(--h2_typography-line-height);--awb-caption-title-letter-spacing:var(--h2_typography-letter-spacing);\"><span class=\" fusion-imageframe imageframe-none imageframe-2 hover-type-none\"><a class=\"fusion-no-lightbox\" href=\"https:\/\/www.jazzkaar.ee\/piletid\/\" target=\"_blank\" rel=\"noopener noreferrer\"><img decoding=\"async\" width=\"1200\" height=\"1200\" src=\"https:\/\/www.nordichotels.eu\/wp-content\/uploads\/2026\/04\/Jazzkaar-I.jpg\" alt class=\"img-responsive wp-image-6187\" srcset=\"https:\/\/www.nordichotels.eu\/wp-content\/uploads\/2026\/04\/Jazzkaar-I-200x200.jpg 200w, https:\/\/www.nordichotels.eu\/wp-content\/uploads\/2026\/04\/Jazzkaar-I-400x400.jpg 400w, https:\/\/www.nordichotels.eu\/wp-content\/uploads\/2026\/04\/Jazzkaar-I-600x600.jpg 600w, https:\/\/www.nordichotels.eu\/wp-content\/uploads\/2026\/04\/Jazzkaar-I-800x800.jpg 800w, https:\/\/www.nordichotels.eu\/wp-content\/uploads\/2026\/04\/Jazzkaar-I.jpg 1200w\" sizes=\"(max-width: 640px) 100vw, 800px\" \/><\/a><\/span><\/div><div class=\"fusion-separator\" style=\"align-self: flex-start;margin-right:auto;margin-top:15px;margin-bottom:40px;width:100%;max-width:50px;\"><div class=\"fusion-separator-border sep-single sep-solid\" style=\"--awb-height:20px;--awb-amount:20px;--awb-sep-color:var(--awb-color4);border-color:var(--awb-color4);border-top-width:2px;\"><\/div><\/div><div class=\"fusion-text fusion-text-2\"><p>Jazzkaar on enemm\u00e4n kuin pelkk\u00e4 musiikkifestivaali. Se on kohtaamispaikka niille, jotka arvostavat improvisoinnin ja spontaanin luovuuden kauneutta.<br \/>\nVuoden 2026 festivaali alkaa 24. huhtikuuta ja kest\u00e4\u00e4 2. toukokuuta saakka.<\/p>\n<\/div><\/div><\/div><\/div><\/div><\/p>\n","protected":false},"excerpt":{"rendered":"","protected":false},"author":3,"featured_media":0,"parent":0,"menu_order":0,"comment_status":"closed","ping_status":"closed","template":"100-width.php","meta":{"inline_featured_image":false,"footnotes":""},"class_list":["post-2018","page","type-page","status-publish","hentry"],"yoast_head":"<!-- This site is optimized with the Yoast SEO plugin v27.3 - https:\/\/yoast.com\/product\/yoast-seo-wordpress\/ -->\n<title>Jazzkaar - Nordic Hotel Forum<\/title>\n<meta name=\"description\" content=\"Nauti Jazzkaar-tapahtumia muusikoiden esitt\u00e4min\u00e4 Telliskivi Creative Cityss\u00e4 21.-28. huhtikuuta 2024. Majoitu Nordic Hotel Forumissa.\" \/>\n<meta name=\"robots\" content=\"index, follow, max-snippet:-1, max-image-preview:large, max-video-preview:-1\" \/>\n<link rel=\"canonical\" href=\"https:\/\/www.nordichotels.eu\/fi\/jazzkaar\/\" \/>\n<meta property=\"og:locale\" content=\"fi_FI\" \/>\n<meta property=\"og:type\" content=\"article\" \/>\n<meta property=\"og:title\" content=\"Jazzkaar - Nordic Hotel Forum\" \/>\n<meta property=\"og:description\" content=\"Nauti Jazzkaar-tapahtumia muusikoiden esitt\u00e4min\u00e4 Telliskivi Creative Cityss\u00e4 21.-28. huhtikuuta 2024. Majoitu Nordic Hotel Forumissa.\" \/>\n<meta property=\"og:url\" content=\"https:\/\/www.nordichotels.eu\/fi\/jazzkaar\/\" \/>\n<meta property=\"og:site_name\" content=\"Nordic Hotel Forum\" \/>\n<meta property=\"article:modified_time\" content=\"2026-04-14T07:24:04+00:00\" \/>\n<meta property=\"og:image\" content=\"https:\/\/www.nordichotels.eu\/wp-content\/uploads\/2024\/04\/Nordic-Hotel-Forum.jpg\" \/>\n\t<meta property=\"og:image:width\" content=\"1200\" \/>\n\t<meta property=\"og:image:height\" content=\"675\" \/>\n\t<meta property=\"og:image:type\" content=\"image\/jpeg\" \/>\n<meta name=\"twitter:card\" content=\"summary_large_image\" \/>\n<meta name=\"twitter:label1\" content=\"Arvioitu lukuaika\" \/>\n\t<meta name=\"twitter:data1\" content=\"2 minuuttia\" \/>\n<script type=\"application\/ld+json\" class=\"yoast-schema-graph\">{\"@context\":\"https:\\\/\\\/schema.org\",\"@graph\":[{\"@type\":\"WebPage\",\"@id\":\"https:\\\/\\\/www.nordichotels.eu\\\/fi\\\/jazzkaar\\\/\",\"url\":\"https:\\\/\\\/www.nordichotels.eu\\\/fi\\\/jazzkaar\\\/\",\"name\":\"Jazzkaar - Nordic Hotel Forum\",\"isPartOf\":{\"@id\":\"https:\\\/\\\/www.nordichotels.eu\\\/fi\\\/#website\"},\"datePublished\":\"2024-04-11T11:23:40+00:00\",\"dateModified\":\"2026-04-14T07:24:04+00:00\",\"description\":\"Nauti Jazzkaar-tapahtumia muusikoiden esitt\u00e4min\u00e4 Telliskivi Creative Cityss\u00e4 21.-28. huhtikuuta 2024. Majoitu Nordic Hotel Forumissa.\",\"breadcrumb\":{\"@id\":\"https:\\\/\\\/www.nordichotels.eu\\\/fi\\\/jazzkaar\\\/#breadcrumb\"},\"inLanguage\":\"fi\",\"potentialAction\":[{\"@type\":\"ReadAction\",\"target\":[\"https:\\\/\\\/www.nordichotels.eu\\\/fi\\\/jazzkaar\\\/\"]}]},{\"@type\":\"BreadcrumbList\",\"@id\":\"https:\\\/\\\/www.nordichotels.eu\\\/fi\\\/jazzkaar\\\/#breadcrumb\",\"itemListElement\":[{\"@type\":\"ListItem\",\"position\":1,\"name\":\"Home\",\"item\":\"https:\\\/\\\/www.nordichotels.eu\\\/fi\\\/\"},{\"@type\":\"ListItem\",\"position\":2,\"name\":\"Jazzkaar\"}]},{\"@type\":\"WebSite\",\"@id\":\"https:\\\/\\\/www.nordichotels.eu\\\/fi\\\/#website\",\"url\":\"https:\\\/\\\/www.nordichotels.eu\\\/fi\\\/\",\"name\":\"Nordic Hotel Forum\",\"description\":\"Kaiken keskell\u00e4\",\"potentialAction\":[{\"@type\":\"SearchAction\",\"target\":{\"@type\":\"EntryPoint\",\"urlTemplate\":\"https:\\\/\\\/www.nordichotels.eu\\\/fi\\\/?s={search_term_string}\"},\"query-input\":{\"@type\":\"PropertyValueSpecification\",\"valueRequired\":true,\"valueName\":\"search_term_string\"}}],\"inLanguage\":\"fi\"}]}<\/script>\n<!-- \/ Yoast SEO plugin. -->","yoast_head_json":{"title":"Jazzkaar - Nordic Hotel Forum","description":"Nauti Jazzkaar-tapahtumia muusikoiden esitt\u00e4min\u00e4 Telliskivi Creative Cityss\u00e4 21.-28. huhtikuuta 2024. Majoitu Nordic Hotel Forumissa.","robots":{"index":"index","follow":"follow","max-snippet":"max-snippet:-1","max-image-preview":"max-image-preview:large","max-video-preview":"max-video-preview:-1"},"canonical":"https:\/\/www.nordichotels.eu\/fi\/jazzkaar\/","og_locale":"fi_FI","og_type":"article","og_title":"Jazzkaar - Nordic Hotel Forum","og_description":"Nauti Jazzkaar-tapahtumia muusikoiden esitt\u00e4min\u00e4 Telliskivi Creative Cityss\u00e4 21.-28. huhtikuuta 2024. Majoitu Nordic Hotel Forumissa.","og_url":"https:\/\/www.nordichotels.eu\/fi\/jazzkaar\/","og_site_name":"Nordic Hotel Forum","article_modified_time":"2026-04-14T07:24:04+00:00","og_image":[{"width":1200,"height":675,"url":"https:\/\/www.nordichotels.eu\/wp-content\/uploads\/2024\/04\/Nordic-Hotel-Forum.jpg","type":"image\/jpeg"}],"twitter_card":"summary_large_image","twitter_misc":{"Arvioitu lukuaika":"2 minuuttia"},"schema":{"@context":"https:\/\/schema.org","@graph":[{"@type":"WebPage","@id":"https:\/\/www.nordichotels.eu\/fi\/jazzkaar\/","url":"https:\/\/www.nordichotels.eu\/fi\/jazzkaar\/","name":"Jazzkaar - Nordic Hotel Forum","isPartOf":{"@id":"https:\/\/www.nordichotels.eu\/fi\/#website"},"datePublished":"2024-04-11T11:23:40+00:00","dateModified":"2026-04-14T07:24:04+00:00","description":"Nauti Jazzkaar-tapahtumia muusikoiden esitt\u00e4min\u00e4 Telliskivi Creative Cityss\u00e4 21.-28. huhtikuuta 2024. Majoitu Nordic Hotel Forumissa.","breadcrumb":{"@id":"https:\/\/www.nordichotels.eu\/fi\/jazzkaar\/#breadcrumb"},"inLanguage":"fi","potentialAction":[{"@type":"ReadAction","target":["https:\/\/www.nordichotels.eu\/fi\/jazzkaar\/"]}]},{"@type":"BreadcrumbList","@id":"https:\/\/www.nordichotels.eu\/fi\/jazzkaar\/#breadcrumb","itemListElement":[{"@type":"ListItem","position":1,"name":"Home","item":"https:\/\/www.nordichotels.eu\/fi\/"},{"@type":"ListItem","position":2,"name":"Jazzkaar"}]},{"@type":"WebSite","@id":"https:\/\/www.nordichotels.eu\/fi\/#website","url":"https:\/\/www.nordichotels.eu\/fi\/","name":"Nordic Hotel Forum","description":"Kaiken keskell\u00e4","potentialAction":[{"@type":"SearchAction","target":{"@type":"EntryPoint","urlTemplate":"https:\/\/www.nordichotels.eu\/fi\/?s={search_term_string}"},"query-input":{"@type":"PropertyValueSpecification","valueRequired":true,"valueName":"search_term_string"}}],"inLanguage":"fi"}]}},"_links":{"self":[{"href":"https:\/\/www.nordichotels.eu\/fi\/wp-json\/wp\/v2\/pages\/2018","targetHints":{"allow":["GET"]}}],"collection":[{"href":"https:\/\/www.nordichotels.eu\/fi\/wp-json\/wp\/v2\/pages"}],"about":[{"href":"https:\/\/www.nordichotels.eu\/fi\/wp-json\/wp\/v2\/types\/page"}],"author":[{"embeddable":true,"href":"https:\/\/www.nordichotels.eu\/fi\/wp-json\/wp\/v2\/users\/3"}],"replies":[{"embeddable":true,"href":"https:\/\/www.nordichotels.eu\/fi\/wp-json\/wp\/v2\/comments?post=2018"}],"version-history":[{"count":11,"href":"https:\/\/www.nordichotels.eu\/fi\/wp-json\/wp\/v2\/pages\/2018\/revisions"}],"predecessor-version":[{"id":6191,"href":"https:\/\/www.nordichotels.eu\/fi\/wp-json\/wp\/v2\/pages\/2018\/revisions\/6191"}],"wp:attachment":[{"href":"https:\/\/www.nordichotels.eu\/fi\/wp-json\/wp\/v2\/media?parent=2018"}],"curies":[{"name":"wp","href":"https:\/\/api.w.org\/{rel}","templated":true}]}}