{"id":1391,"date":"2024-03-12T07:27:19","date_gmt":"2024-03-12T05:27:19","guid":{"rendered":"https:\/\/www.nordichotels.eu\/poco\/"},"modified":"2026-01-22T11:47:49","modified_gmt":"2026-01-22T09:47:49","slug":"poco","status":"publish","type":"page","link":"https:\/\/www.nordichotels.eu\/fi\/poco\/","title":{"rendered":"PoCo \u2013 poptaiteen ja modernin taiteen museo Virossa"},"content":{"rendered":"<p><div class=\"fusion-fullwidth fullwidth-box fusion-builder-row-1 fusion-flex-container has-pattern-background has-mask-background nonhundred-percent-fullwidth non-hundred-percent-height-scrolling\" style=\"--awb-border-radius-top-left:0px;--awb-border-radius-top-right:0px;--awb-border-radius-bottom-right:0px;--awb-border-radius-bottom-left:0px;--awb-padding-top:0px;--awb-padding-bottom:0px;--awb-margin-top:0px;--awb-margin-bottom:0px;--awb-flex-wrap:wrap;\" ><div class=\"fusion-builder-row fusion-row fusion-flex-align-items-flex-start fusion-flex-content-wrap\" style=\"max-width:104%;margin-left: calc(-4% \/ 2 );margin-right: calc(-4% \/ 2 );\"><div class=\"fusion-layout-column fusion_builder_column fusion-builder-column-0 fusion_builder_column_1_1 1_1 fusion-flex-column\" style=\"--awb-bg-size:cover;--awb-width-large:100%;--awb-margin-top-large:0px;--awb-spacing-right-large:1.92%;--awb-margin-bottom-large:20px;--awb-spacing-left-large:1.92%;--awb-width-medium:100%;--awb-order-medium:0;--awb-spacing-right-medium:1.92%;--awb-spacing-left-medium:1.92%;--awb-width-small:100%;--awb-order-small:0;--awb-spacing-right-small:1.92%;--awb-spacing-left-small:1.92%;\"><div class=\"fusion-column-wrapper fusion-column-has-shadow fusion-flex-justify-content-flex-start fusion-content-layout-column\"><div class=\"fusion-image-element \" style=\"--awb-caption-title-font-family:var(--h2_typography-font-family);--awb-caption-title-font-weight:var(--h2_typography-font-weight);--awb-caption-title-font-style:var(--h2_typography-font-style);--awb-caption-title-size:var(--h2_typography-font-size);--awb-caption-title-transform:var(--h2_typography-text-transform);--awb-caption-title-line-height:var(--h2_typography-line-height);--awb-caption-title-letter-spacing:var(--h2_typography-letter-spacing);\"><span class=\" fusion-imageframe imageframe-none imageframe-1 hover-type-none\"><img decoding=\"async\" width=\"1920\" height=\"396\" src=\"https:\/\/www.nordichotels.eu\/wp-content\/uploads\/2024\/02\/toad.jpg\" alt class=\"img-responsive wp-image-870\" srcset=\"https:\/\/www.nordichotels.eu\/wp-content\/uploads\/2024\/02\/toad-200x41.jpg 200w, https:\/\/www.nordichotels.eu\/wp-content\/uploads\/2024\/02\/toad-400x83.jpg 400w, https:\/\/www.nordichotels.eu\/wp-content\/uploads\/2024\/02\/toad-600x124.jpg 600w, https:\/\/www.nordichotels.eu\/wp-content\/uploads\/2024\/02\/toad-800x165.jpg 800w, https:\/\/www.nordichotels.eu\/wp-content\/uploads\/2024\/02\/toad-1200x248.jpg 1200w, https:\/\/www.nordichotels.eu\/wp-content\/uploads\/2024\/02\/toad.jpg 1920w\" sizes=\"(max-width: 640px) 100vw, 1920px\" \/><\/span><\/div><\/div><\/div><\/div><\/div><div class=\"fusion-fullwidth fullwidth-box fusion-builder-row-2 fusion-flex-container has-pattern-background has-mask-background nonhundred-percent-fullwidth non-hundred-percent-height-scrolling\" style=\"--awb-border-radius-top-left:0px;--awb-border-radius-top-right:0px;--awb-border-radius-bottom-right:0px;--awb-border-radius-bottom-left:0px;--awb-flex-wrap:wrap;\" ><div class=\"fusion-builder-row fusion-row fusion-flex-align-items-stretch fusion-flex-content-wrap\" style=\"max-width:104%;margin-left: calc(-4% \/ 2 );margin-right: calc(-4% \/ 2 );\"><div class=\"fusion-layout-column fusion_builder_column fusion-builder-column-1 fusion_builder_column_3_5 3_5 fusion-flex-column\" style=\"--awb-padding-top:20px;--awb-padding-right:20px;--awb-padding-bottom:20px;--awb-padding-left:20px;--awb-bg-color:var(--awb-color1);--awb-bg-color-hover:var(--awb-color1);--awb-bg-size:cover;--awb-width-large:60%;--awb-margin-top-large:0px;--awb-spacing-right-large:3.2%;--awb-margin-bottom-large:20px;--awb-spacing-left-large:3.2%;--awb-width-medium:60%;--awb-order-medium:0;--awb-spacing-right-medium:3.2%;--awb-spacing-left-medium:3.2%;--awb-width-small:100%;--awb-order-small:0;--awb-spacing-right-small:1.92%;--awb-spacing-left-small:1.92%;\" data-scroll-devices=\"small-visibility,medium-visibility,large-visibility\"><div class=\"fusion-column-wrapper fusion-column-has-shadow fusion-flex-justify-content-flex-start fusion-content-layout-column\"><div class=\"fusion-title title fusion-title-1 fusion-sep-none fusion-title-text fusion-title-size-one\" style=\"--awb-margin-top:0px;--awb-margin-bottom:0px;--awb-margin-top-small:10px;--awb-margin-right-small:0px;--awb-margin-bottom-small:10px;--awb-margin-left-small:0px;--awb-font-size:26px;\"><h1 class=\"fusion-title-heading title-heading-left fusion-responsive-typography-calculated\" style=\"font-family:&quot;Accurat regular&quot;;font-style:normal;font-weight:400;margin:0;font-size:1em;--fontSize:26;line-height:1.3;\">PoCo \u2013 poptaiteen ja modernin taiteen museo Virossa<\/h1><\/div><div class=\"fusion-separator\" style=\"align-self: flex-start;margin-right:auto;margin-top:15px;margin-bottom:40px;width:100%;max-width:50px;\"><div class=\"fusion-separator-border sep-single sep-solid\" style=\"--awb-height:20px;--awb-amount:20px;--awb-sep-color:var(--awb-color4);border-color:var(--awb-color4);border-top-width:2px;\"><\/div><\/div><div class=\"fusion-text fusion-text-1\"><p>PoCo on pop-taiteen maailmanmuseo Tallinnassa. N\u00e4yttelyss\u00e4 on edustettuna poikkeuksellisia taiteilijoita \u2013 Warhol, Banksy, Koons, Lichtenstein, Haring, Hirst, Hockney, Basquiat, Kusama, Newton ja muita tunnettuja tekij\u00f6it\u00e4.<\/p>\n<h3>Nordic Hotel Forum on tyytyv\u00e4inen voidessaan esitell\u00e4 PoCon, Viron ensimm\u00e4isen poptaiteen ja modernin taiteen museon.<\/h3>\n<p>Poptaide on ironian, yhteiskuntakritiikin ja ajatusleikkien symbioosia. Poptaide ei koskaan lopu, sill\u00e4 poliitikot ja yhteiskunnalliset paineet luovat jatkuvasti uusia mahdollisuuksia protestointiin, ironiaan ja hauskanpitoon. PoCo tarjoaa klassista poptaidetta, mutta se yll\u00e4tt\u00e4\u00e4 aina jollain uudella.<\/p>\n<p>Museo on tietotekniikan vision\u00e4\u00e4rin ja Viron digitaalisen valtion ideologien joukkoon kuuluvan Linnar Viikin luomus. Museo hy\u00f6dynt\u00e4\u00e4 laajalti Linnar Viikin henkil\u00f6kohtaista poptaidekokoelmaa.<\/p>\n<p>Tallinnan Rotermann-kortteliin avattava PoCo on postmodernistinen taideteos, jossa 1800-luvun teollisuusarkkitehtuuri yhdistyy moderneihin lasipintoihin.<\/p>\n<p>Yksityisess\u00e4 kokoelmassa on yli 340 teosta pop-taiteen ikoneilta 1950-luvulta nykyp\u00e4iv\u00e4\u00e4n.<\/p>\n<p><strong>PoCo avataan kes\u00e4kuussa 2023 osoitteessa Rotermanni-keskus, Rotermanni 2, Tallinna, Viro. Lue lis\u00e4\u00e4 osoitteesta <a href=\"https:\/\/poco.art\/\" target=\"_blank\" rel=\"noopener\">www.poco.art<\/a><\/strong><\/p>\n<h3>Ikonista poptaidetta Nordic Hotel Forumissa<\/h3>\n<p>Nordic Hotel Forumissa on avattu PoCo pop-up -n\u00e4yttely \u2013 <strong>Alo Valge<\/strong><strong>!<\/strong><br \/>\nTule katsomaan itse \u2013 n\u00e4yttelyn kuvia vaihdetaan, ja voit tutustua n\u00e4yttelyyn maksutta Nordic Hotel Forumissa.<\/p>\n<\/div><\/div><\/div><div class=\"fusion-layout-column fusion_builder_column fusion-builder-column-2 fusion_builder_column_2_5 2_5 fusion-flex-column\" style=\"--awb-padding-top:20px;--awb-padding-right:20px;--awb-padding-bottom:20px;--awb-padding-left:20px;--awb-bg-color:var(--awb-color1);--awb-bg-color-hover:var(--awb-color1);--awb-bg-size:cover;--awb-width-large:40%;--awb-margin-top-large:0px;--awb-spacing-right-large:4.8%;--awb-margin-bottom-large:20px;--awb-spacing-left-large:4.8%;--awb-width-medium:40%;--awb-order-medium:0;--awb-spacing-right-medium:4.8%;--awb-spacing-left-medium:4.8%;--awb-width-small:100%;--awb-order-small:0;--awb-spacing-right-small:1.92%;--awb-spacing-left-small:1.92%;\" data-scroll-devices=\"small-visibility,medium-visibility,large-visibility\"><div class=\"fusion-column-wrapper fusion-column-has-shadow fusion-flex-justify-content-flex-start fusion-content-layout-column\"><div class=\"fusion-image-element awb-imageframe-style awb-imageframe-style-below awb-imageframe-style-2\" style=\"--awb-caption-title-font-family:var(--h2_typography-font-family);--awb-caption-title-font-weight:var(--h2_typography-font-weight);--awb-caption-title-font-style:var(--h2_typography-font-style);--awb-caption-title-size:var(--h2_typography-font-size);--awb-caption-title-transform:var(--h2_typography-text-transform);--awb-caption-title-line-height:var(--h2_typography-line-height);--awb-caption-title-letter-spacing:var(--h2_typography-letter-spacing);\"><span class=\" fusion-imageframe imageframe-none imageframe-2 hover-type-none\"><a class=\"fusion-no-lightbox\" href=\"https:\/\/www.nordichotels.eu\/fi\/poco\/\" target=\"_self\"><img decoding=\"async\" width=\"1120\" height=\"703\" alt=\"Alo Valge\" src=\"https:\/\/www.nordichotels.eu\/wp-content\/uploads\/2026\/01\/Alo-Valge-Poco-naitus.png\" class=\"img-responsive wp-image-5759\" srcset=\"https:\/\/www.nordichotels.eu\/wp-content\/uploads\/2026\/01\/Alo-Valge-Poco-naitus-200x126.png 200w, https:\/\/www.nordichotels.eu\/wp-content\/uploads\/2026\/01\/Alo-Valge-Poco-naitus-400x251.png 400w, https:\/\/www.nordichotels.eu\/wp-content\/uploads\/2026\/01\/Alo-Valge-Poco-naitus-600x377.png 600w, https:\/\/www.nordichotels.eu\/wp-content\/uploads\/2026\/01\/Alo-Valge-Poco-naitus-800x502.png 800w, https:\/\/www.nordichotels.eu\/wp-content\/uploads\/2026\/01\/Alo-Valge-Poco-naitus.png 1120w\" sizes=\"(max-width: 640px) 100vw, 800px\" \/><\/a><\/span><div class=\"awb-imageframe-caption-container\"><div class=\"awb-imageframe-caption\"><p class=\"awb-imageframe-caption-text\">PoCo \u2013 Alo Valge<\/p><\/div><\/div><\/div><div class=\"fusion-separator\" style=\"align-self: flex-start;margin-right:auto;margin-top:15px;margin-bottom:40px;width:100%;max-width:50px;\"><div class=\"fusion-separator-border sep-single sep-solid\" style=\"--awb-height:20px;--awb-amount:20px;--awb-sep-color:var(--awb-color4);border-color:var(--awb-color4);border-top-width:2px;\"><\/div><\/div><div class=\"fusion-text fusion-text-2\"><p>S\u00e4\u00e4nn\u00f6lliset kierrokset englanniksi joka viikko<strong>.<\/strong> Osta lippusi <a href=\"https:\/\/fienta.com\/et\/s\/poco-guided-tour-in-english\"><strong>T\u00c4\u00c4LT\u00c4<\/strong> <\/a><\/p>\n<p>Kaikki PoCossa tapahtuvat tapahtumat l\u00f6ytyv\u00e4t <strong><a href=\"https:\/\/fienta.com\/?country=ee&amp;q=poco\">t\u00e4\u00e4lt\u00e4\u00a0<\/a><\/strong><\/p>\n<\/div><\/div><\/div><\/div><\/div><\/p>\n","protected":false},"excerpt":{"rendered":"","protected":false},"author":2,"featured_media":0,"parent":0,"menu_order":0,"comment_status":"closed","ping_status":"closed","template":"100-width.php","meta":{"inline_featured_image":false,"footnotes":""},"class_list":["post-1391","page","type-page","status-publish","hentry"],"yoast_head":"<!-- This site is optimized with the Yoast SEO plugin v27.3 - https:\/\/yoast.com\/product\/yoast-seo-wordpress\/ -->\n<title>PoCo \u2013 poptaiteen ja modernin taiteen museo Virossa - Nordic Hotel Forum<\/title>\n<meta name=\"description\" content=\"Nordic Hotel Forum on tyytyv\u00e4inen voidessaan esitell\u00e4 PoCon, Viron ensimm\u00e4isen poptaiteen ja modernin taiteen museon.\" \/>\n<meta name=\"robots\" content=\"index, follow, max-snippet:-1, max-image-preview:large, max-video-preview:-1\" \/>\n<link rel=\"canonical\" href=\"https:\/\/www.nordichotels.eu\/fi\/poco\/\" \/>\n<meta property=\"og:locale\" content=\"fi_FI\" \/>\n<meta property=\"og:type\" content=\"article\" \/>\n<meta property=\"og:title\" content=\"PoCo \u2013 poptaiteen ja modernin taiteen museo Virossa - Nordic Hotel Forum\" \/>\n<meta property=\"og:description\" content=\"Nordic Hotel Forum on tyytyv\u00e4inen voidessaan esitell\u00e4 PoCon, Viron ensimm\u00e4isen poptaiteen ja modernin taiteen museon.\" \/>\n<meta property=\"og:url\" content=\"https:\/\/www.nordichotels.eu\/fi\/poco\/\" \/>\n<meta property=\"og:site_name\" content=\"Nordic Hotel Forum\" \/>\n<meta property=\"article:modified_time\" content=\"2026-01-22T09:47:49+00:00\" \/>\n<meta property=\"og:image\" content=\"https:\/\/www.nordichotels.eu\/wp-content\/uploads\/2024\/04\/Nordic-Hotel-Forum.jpg\" \/>\n\t<meta property=\"og:image:width\" content=\"1200\" \/>\n\t<meta property=\"og:image:height\" content=\"675\" \/>\n\t<meta property=\"og:image:type\" content=\"image\/jpeg\" \/>\n<meta name=\"twitter:card\" content=\"summary_large_image\" \/>\n<meta name=\"twitter:label1\" content=\"Arvioitu lukuaika\" \/>\n\t<meta name=\"twitter:data1\" content=\"2 minuuttia\" \/>\n<script type=\"application\/ld+json\" class=\"yoast-schema-graph\">{\"@context\":\"https:\\\/\\\/schema.org\",\"@graph\":[{\"@type\":\"WebPage\",\"@id\":\"https:\\\/\\\/www.nordichotels.eu\\\/fi\\\/poco\\\/\",\"url\":\"https:\\\/\\\/www.nordichotels.eu\\\/fi\\\/poco\\\/\",\"name\":\"PoCo \u2013 poptaiteen ja modernin taiteen museo Virossa - Nordic Hotel Forum\",\"isPartOf\":{\"@id\":\"https:\\\/\\\/www.nordichotels.eu\\\/fi\\\/#website\"},\"datePublished\":\"2024-03-12T05:27:19+00:00\",\"dateModified\":\"2026-01-22T09:47:49+00:00\",\"description\":\"Nordic Hotel Forum on tyytyv\u00e4inen voidessaan esitell\u00e4 PoCon, Viron ensimm\u00e4isen poptaiteen ja modernin taiteen museon.\",\"breadcrumb\":{\"@id\":\"https:\\\/\\\/www.nordichotels.eu\\\/fi\\\/poco\\\/#breadcrumb\"},\"inLanguage\":\"fi\",\"potentialAction\":[{\"@type\":\"ReadAction\",\"target\":[\"https:\\\/\\\/www.nordichotels.eu\\\/fi\\\/poco\\\/\"]}]},{\"@type\":\"BreadcrumbList\",\"@id\":\"https:\\\/\\\/www.nordichotels.eu\\\/fi\\\/poco\\\/#breadcrumb\",\"itemListElement\":[{\"@type\":\"ListItem\",\"position\":1,\"name\":\"Home\",\"item\":\"https:\\\/\\\/www.nordichotels.eu\\\/fi\\\/\"},{\"@type\":\"ListItem\",\"position\":2,\"name\":\"PoCo \u2013 poptaiteen ja modernin taiteen museo Virossa\"}]},{\"@type\":\"WebSite\",\"@id\":\"https:\\\/\\\/www.nordichotels.eu\\\/fi\\\/#website\",\"url\":\"https:\\\/\\\/www.nordichotels.eu\\\/fi\\\/\",\"name\":\"Nordic Hotel Forum\",\"description\":\"Kaiken keskell\u00e4\",\"potentialAction\":[{\"@type\":\"SearchAction\",\"target\":{\"@type\":\"EntryPoint\",\"urlTemplate\":\"https:\\\/\\\/www.nordichotels.eu\\\/fi\\\/?s={search_term_string}\"},\"query-input\":{\"@type\":\"PropertyValueSpecification\",\"valueRequired\":true,\"valueName\":\"search_term_string\"}}],\"inLanguage\":\"fi\"}]}<\/script>\n<!-- \/ Yoast SEO plugin. -->","yoast_head_json":{"title":"PoCo \u2013 poptaiteen ja modernin taiteen museo Virossa - Nordic Hotel Forum","description":"Nordic Hotel Forum on tyytyv\u00e4inen voidessaan esitell\u00e4 PoCon, Viron ensimm\u00e4isen poptaiteen ja modernin taiteen museon.","robots":{"index":"index","follow":"follow","max-snippet":"max-snippet:-1","max-image-preview":"max-image-preview:large","max-video-preview":"max-video-preview:-1"},"canonical":"https:\/\/www.nordichotels.eu\/fi\/poco\/","og_locale":"fi_FI","og_type":"article","og_title":"PoCo \u2013 poptaiteen ja modernin taiteen museo Virossa - Nordic Hotel Forum","og_description":"Nordic Hotel Forum on tyytyv\u00e4inen voidessaan esitell\u00e4 PoCon, Viron ensimm\u00e4isen poptaiteen ja modernin taiteen museon.","og_url":"https:\/\/www.nordichotels.eu\/fi\/poco\/","og_site_name":"Nordic Hotel Forum","article_modified_time":"2026-01-22T09:47:49+00:00","og_image":[{"width":1200,"height":675,"url":"https:\/\/www.nordichotels.eu\/wp-content\/uploads\/2024\/04\/Nordic-Hotel-Forum.jpg","type":"image\/jpeg"}],"twitter_card":"summary_large_image","twitter_misc":{"Arvioitu lukuaika":"2 minuuttia"},"schema":{"@context":"https:\/\/schema.org","@graph":[{"@type":"WebPage","@id":"https:\/\/www.nordichotels.eu\/fi\/poco\/","url":"https:\/\/www.nordichotels.eu\/fi\/poco\/","name":"PoCo \u2013 poptaiteen ja modernin taiteen museo Virossa - Nordic Hotel Forum","isPartOf":{"@id":"https:\/\/www.nordichotels.eu\/fi\/#website"},"datePublished":"2024-03-12T05:27:19+00:00","dateModified":"2026-01-22T09:47:49+00:00","description":"Nordic Hotel Forum on tyytyv\u00e4inen voidessaan esitell\u00e4 PoCon, Viron ensimm\u00e4isen poptaiteen ja modernin taiteen museon.","breadcrumb":{"@id":"https:\/\/www.nordichotels.eu\/fi\/poco\/#breadcrumb"},"inLanguage":"fi","potentialAction":[{"@type":"ReadAction","target":["https:\/\/www.nordichotels.eu\/fi\/poco\/"]}]},{"@type":"BreadcrumbList","@id":"https:\/\/www.nordichotels.eu\/fi\/poco\/#breadcrumb","itemListElement":[{"@type":"ListItem","position":1,"name":"Home","item":"https:\/\/www.nordichotels.eu\/fi\/"},{"@type":"ListItem","position":2,"name":"PoCo \u2013 poptaiteen ja modernin taiteen museo Virossa"}]},{"@type":"WebSite","@id":"https:\/\/www.nordichotels.eu\/fi\/#website","url":"https:\/\/www.nordichotels.eu\/fi\/","name":"Nordic Hotel Forum","description":"Kaiken keskell\u00e4","potentialAction":[{"@type":"SearchAction","target":{"@type":"EntryPoint","urlTemplate":"https:\/\/www.nordichotels.eu\/fi\/?s={search_term_string}"},"query-input":{"@type":"PropertyValueSpecification","valueRequired":true,"valueName":"search_term_string"}}],"inLanguage":"fi"}]}},"_links":{"self":[{"href":"https:\/\/www.nordichotels.eu\/fi\/wp-json\/wp\/v2\/pages\/1391","targetHints":{"allow":["GET"]}}],"collection":[{"href":"https:\/\/www.nordichotels.eu\/fi\/wp-json\/wp\/v2\/pages"}],"about":[{"href":"https:\/\/www.nordichotels.eu\/fi\/wp-json\/wp\/v2\/types\/page"}],"author":[{"embeddable":true,"href":"https:\/\/www.nordichotels.eu\/fi\/wp-json\/wp\/v2\/users\/2"}],"replies":[{"embeddable":true,"href":"https:\/\/www.nordichotels.eu\/fi\/wp-json\/wp\/v2\/comments?post=1391"}],"version-history":[{"count":14,"href":"https:\/\/www.nordichotels.eu\/fi\/wp-json\/wp\/v2\/pages\/1391\/revisions"}],"predecessor-version":[{"id":5764,"href":"https:\/\/www.nordichotels.eu\/fi\/wp-json\/wp\/v2\/pages\/1391\/revisions\/5764"}],"wp:attachment":[{"href":"https:\/\/www.nordichotels.eu\/fi\/wp-json\/wp\/v2\/media?parent=1391"}],"curies":[{"name":"wp","href":"https:\/\/api.w.org\/{rel}","templated":true}]}}